{"id":2356,"date":"2022-03-03T16:20:35","date_gmt":"2022-03-03T15:20:35","guid":{"rendered":"https:\/\/albaauto.hu\/?page_id=2356"},"modified":"2022-11-09T13:51:20","modified_gmt":"2022-11-09T12:51:20","slug":"karrier","status":"publish","type":"page","link":"https:\/\/albaauto.hu\/?page_id=2356","title":{"rendered":"Karrier"},"content":{"rendered":"\t\t<div data-elementor-type=\"wp-page\" data-elementor-id=\"2356\" class=\"elementor elementor-2356\" data-elementor-post-type=\"page\">\n\t\t\t\t\t\t\t\t\t<section class=\"elementor-section elementor-top-section elementor-element elementor-element-59acef32 elementor-section-boxed elementor-section-height-default elementor-section-height-default\" data-id=\"59acef32\" data-element_type=\"section\">\n\t\t\t\t\t\t<div class=\"elementor-container elementor-column-gap-default\">\n\t\t\t\t\t<div class=\"elementor-column elementor-col-100 elementor-top-column elementor-element elementor-element-2b18e1bc\" data-id=\"2b18e1bc\" data-element_type=\"column\">\n\t\t\t<div class=\"elementor-widget-wrap elementor-element-populated\">\n\t\t\t\t\t\t\t\t<div class=\"elementor-element elementor-element-3f0b56f8 elementor-widget elementor-widget-text-editor\" data-id=\"3f0b56f8\" data-element_type=\"widget\" data-widget_type=\"text-editor.default\">\n\t\t\t\t<div class=\"elementor-widget-container\">\n\t\t\t\t\t\t\t<p>Munkat\u00e1rsat keres\u00fcnk<\/p><h1><strong>Karossz\u00e9ria lakatos<\/strong><\/h1><p>poz\u00edci\u00f3ba.<\/p><p>C\u00e9g\u00fcnk karossz\u00e9ria jav\u00edt\u00e1ssal \u00e9s f\u00e9nyez\u00e9ssel foglalkozik, j\u00f3l bej\u00e1ratott Sz\u00e9kesfeh\u00e9rv\u00e1ri telephely\u00e9n\u00a0 . Mind Flott\u00e1s , mind lizinges illetve saj\u00e1t tulajdon\u00fa g\u00e9pj\u00e1rm\u0171vek jav\u00edt\u00e1s\u00e1t v\u00e1llaljuk teljesk\u00f6r\u0171 biztos\u00edt\u00e1si \u00fcgyint\u00e9z\u00e9ssel .\u00a0<br \/>\u00a0<\/p><p><strong>F\u0151bb feladatok, munk\u00e1k:<\/strong><\/p><ul><li>S\u00e9r\u00fclt szem\u00e9lyaut\u00f3 karossz\u00e9ria jav\u00edt\u00e1sa, karossz\u00e9ria elemek be\u00e9p\u00edt\u00e9se, fel\u00fcleti megmunk\u00e1l\u00e1sa<\/li><li>\u00c1ltal\u00e1nos karossz\u00e9ria munk\u00e1k, egyenget\u00e9sek, r\u00e9szelem cser\u00e9k, elem cser\u00e9k elv\u00e9gz\u00e9se<\/li><li>A jav\u00edt\u00e1shoz sz\u00fcks\u00e9ges munkalap dokument\u00e1l\u00e1sa<\/li><li>A fel\u00fcgyeletedre b\u00edzott berendez\u00e9sek \u00e9s szersz\u00e1mok karbantart\u00e1sa<\/li><li>M\u0171helyrend fenntart\u00e1sa, m\u0171hely tiszt\u00e1ntart\u00e1sa<\/li><li>Munkafelvev\u0151kkel val\u00f3 folyamatos egy\u00fcttm\u0171k\u00f6d\u00e9s<\/li><\/ul><p><strong>Az \u00e1ll\u00e1shoz tartoz\u00f3 elv\u00e1r\u00e1sok:<\/strong><\/p><ul><li>Szakir\u00e1ny\u00fa m\u0171szaki v\u00e9gzetts\u00e9g<\/li><li>T\u00f6bb\u00a0\u00e9ves munkatapasztalat<\/li><li>Hegeszt\u00e9si folyamatok \u00e9s technol\u00f3gi\u00e1k ismerete, alkalmaz\u00e1sa<\/li><li>K\u00e1rfelv\u00e9telben val\u00f3 akt\u00edv r\u00e9szv\u00e9tel<\/li><li>\u00d6n\u00e1ll\u00f3, prec\u00edz munkav\u00e9gz\u00e9s<\/li><li>J\u00f3 probl\u00e9mamegold\u00f3 k\u00e9pess\u00e9g<\/li><li>Alkalmazkod\u00f3 k\u00e9pess\u00e9g, csapatszellem<\/li><\/ul><p><strong>Az \u00e1ll\u00e1s bet\u00f6lt\u00e9s\u00e9hez el\u0151nyt jelent:<\/strong><\/p><p>B- kateg\u00f3ri\u00e1s jogos\u00edtv\u00e1ny\u00a0<\/p><p><strong>Amit k\u00edn\u00e1lunk:<\/strong><\/p><ul><li>Bejelentett, fix, tervezhet\u0151,\u00a08 \u00f3r\u00e1s munkaid\u0151<\/li><li>Versenyk\u00e9pes fizet\u00e9s megegyez\u00e9s szerint\u00a0<\/li><li>Csal\u00e1dias hangulat<\/li><li>Bar\u00e1ts\u00e1gos vezet\u0151i l\u00e9gk\u00f6r\u00a0<\/li><li>Stabil, hossz\u00fat\u00e1v\u00fa\u00a0munkalehet\u0151s\u00e9g<\/li><li>Egy stabil, \u00f6sszetart\u00f3 csapatot k\u00edn\u00e1lunk<\/li><\/ul><p><strong>\u00c1ll\u00e1s, munka ter\u00fclete(i):<\/strong><\/p><ul><li><strong>Szakmunka<\/strong><\/li><li>Karossz\u00e9ria lakatos, F\u00e9nyez\u0151<\/li><\/ul><p><strong>Jelentkez\u00e9s m\u00f3dja:<\/strong><\/p><p>Jelentkezni f\u00e9nyk\u00e9pes \u00f6n\u00e9letrajzzal \u00e9s bemutatkoz\u00e1ssal lehet a e-mail form\u00e1j\u00e1ban a <a href=\"mailto:penzugy@albaauto.hu\">penzugy@albaauto.hu<\/a> .<\/p>\t\t\t\t\t\t<\/div>\n\t\t\t\t<\/div>\n\t\t\t\t\t<\/div>\n\t\t<\/div>\n\t\t\t\t\t\t\t<\/div>\n\t\t<\/section>\n\t\t\t\t\t\t\t<\/div>\n\t\t","protected":false},"excerpt":{"rendered":"<p>Munkat\u00e1rsat keres\u00fcnk Karossz\u00e9ria lakatos poz\u00edci\u00f3ba. C\u00e9g\u00fcnk karossz\u00e9ria jav\u00edt\u00e1ssal \u00e9s f\u00e9nyez\u00e9ssel foglalkozik, j\u00f3l bej\u00e1ratott Sz\u00e9kesfeh\u00e9rv\u00e1ri telephely\u00e9n\u00a0 . Mind Flott\u00e1s , mind lizinges illetve saj\u00e1t tulajdon\u00fa g\u00e9pj\u00e1rm\u0171vek jav\u00edt\u00e1s\u00e1t v\u00e1llaljuk teljesk\u00f6r\u0171 biztos\u00edt\u00e1si \u00fcgyint\u00e9z\u00e9ssel . F\u0151bb feladatok, munk\u00e1k: S\u00e9r\u00fclt szem\u00e9lyaut\u00f3 karossz\u00e9ria jav\u00edt\u00e1sa, karossz\u00e9ria elemek be\u00e9p\u00edt\u00e9se, fel\u00fcleti megmunk\u00e1l\u00e1sa \u00c1ltal\u00e1nos karossz\u00e9ria munk\u00e1k, egyenget\u00e9sek, r\u00e9szelem cser\u00e9k, elem cser\u00e9k elv\u00e9gz\u00e9se A jav\u00edt\u00e1shoz sz\u00fcks\u00e9ges [&hellip;]<\/p>\n","protected":false},"author":1,"featured_media":2681,"parent":0,"menu_order":0,"comment_status":"closed","ping_status":"closed","template":"template\/full-width-template.php","meta":{"footnotes":""},"acf":[],"yoast_head":"<!-- This site is optimized with the Yoast SEO plugin v20.13 - https:\/\/yoast.com\/wordpress\/plugins\/seo\/ -->\n<title>Karrier - Alba Aut\u00f3jav\u00edt\u00f3<\/title>\n<meta name=\"robots\" content=\"index, follow, max-snippet:-1, max-image-preview:large, max-video-preview:-1\" \/>\n<link rel=\"canonical\" href=\"https:\/\/albaauto.hu\/?page_id=2356\" \/>\n<meta property=\"og:locale\" content=\"hu_HU\" \/>\n<meta property=\"og:type\" content=\"article\" \/>\n<meta property=\"og:title\" content=\"Karrier - Alba Aut\u00f3jav\u00edt\u00f3\" \/>\n<meta property=\"og:description\" content=\"Munkat\u00e1rsat keres\u00fcnk Karossz\u00e9ria lakatos poz\u00edci\u00f3ba. C\u00e9g\u00fcnk karossz\u00e9ria jav\u00edt\u00e1ssal \u00e9s f\u00e9nyez\u00e9ssel foglalkozik, j\u00f3l bej\u00e1ratott Sz\u00e9kesfeh\u00e9rv\u00e1ri telephely\u00e9n\u00a0 . Mind Flott\u00e1s , mind lizinges illetve saj\u00e1t tulajdon\u00fa g\u00e9pj\u00e1rm\u0171vek jav\u00edt\u00e1s\u00e1t v\u00e1llaljuk teljesk\u00f6r\u0171 biztos\u00edt\u00e1si \u00fcgyint\u00e9z\u00e9ssel . F\u0151bb feladatok, munk\u00e1k: S\u00e9r\u00fclt szem\u00e9lyaut\u00f3 karossz\u00e9ria jav\u00edt\u00e1sa, karossz\u00e9ria elemek be\u00e9p\u00edt\u00e9se, fel\u00fcleti megmunk\u00e1l\u00e1sa \u00c1ltal\u00e1nos karossz\u00e9ria munk\u00e1k, egyenget\u00e9sek, r\u00e9szelem cser\u00e9k, elem cser\u00e9k elv\u00e9gz\u00e9se A jav\u00edt\u00e1shoz sz\u00fcks\u00e9ges [&hellip;]\" \/>\n<meta property=\"og:url\" content=\"https:\/\/albaauto.hu\/?page_id=2356\" \/>\n<meta property=\"og:site_name\" content=\"Alba Aut\u00f3jav\u00edt\u00f3\" \/>\n<meta property=\"article:modified_time\" content=\"2022-11-09T12:51:20+00:00\" \/>\n<meta property=\"og:image\" content=\"https:\/\/albaauto.hu\/wp-content\/uploads\/2022\/11\/IMG-0043.jpg\" \/>\n\t<meta property=\"og:image:width\" content=\"1596\" \/>\n\t<meta property=\"og:image:height\" content=\"1346\" \/>\n\t<meta property=\"og:image:type\" content=\"image\/jpeg\" \/>\n<meta name=\"twitter:card\" content=\"summary_large_image\" \/>\n<meta name=\"twitter:label1\" content=\"Becs\u00fclt olvas\u00e1si id\u0151\" \/>\n\t<meta name=\"twitter:data1\" content=\"1 perc\" \/>\n<script type=\"application\/ld+json\" class=\"yoast-schema-graph\">{\"@context\":\"https:\/\/schema.org\",\"@graph\":[{\"@type\":\"WebPage\",\"@id\":\"https:\/\/albaauto.hu\/?page_id=2356\",\"url\":\"https:\/\/albaauto.hu\/?page_id=2356\",\"name\":\"Karrier - Alba Aut\u00f3jav\u00edt\u00f3\",\"isPartOf\":{\"@id\":\"https:\/\/albaauto.hu\/#website\"},\"datePublished\":\"2022-03-03T15:20:35+00:00\",\"dateModified\":\"2022-11-09T12:51:20+00:00\",\"breadcrumb\":{\"@id\":\"https:\/\/albaauto.hu\/?page_id=2356#breadcrumb\"},\"inLanguage\":\"hu\",\"potentialAction\":[{\"@type\":\"ReadAction\",\"target\":[\"https:\/\/albaauto.hu\/?page_id=2356\"]}]},{\"@type\":\"BreadcrumbList\",\"@id\":\"https:\/\/albaauto.hu\/?page_id=2356#breadcrumb\",\"itemListElement\":[{\"@type\":\"ListItem\",\"position\":1,\"name\":\"Kezd\u0151lap\",\"item\":\"https:\/\/albaauto.hu\/\"},{\"@type\":\"ListItem\",\"position\":2,\"name\":\"Karrier\"}]},{\"@type\":\"WebSite\",\"@id\":\"https:\/\/albaauto.hu\/#website\",\"url\":\"https:\/\/albaauto.hu\/\",\"name\":\"Alba Aut\u00f3jav\u00edt\u00f3\",\"description\":\"Sz\u00e9kesfeh\u00e9rv\u00e1r\",\"publisher\":{\"@id\":\"https:\/\/albaauto.hu\/#organization\"},\"potentialAction\":[{\"@type\":\"SearchAction\",\"target\":{\"@type\":\"EntryPoint\",\"urlTemplate\":\"https:\/\/albaauto.hu\/?s={search_term_string}\"},\"query-input\":\"required name=search_term_string\"}],\"inLanguage\":\"hu\"},{\"@type\":\"Organization\",\"@id\":\"https:\/\/albaauto.hu\/#organization\",\"name\":\"Alba Aut\u00f3jav\u00edt\u00f3 Kft.\",\"url\":\"https:\/\/albaauto.hu\/\",\"logo\":{\"@type\":\"ImageObject\",\"inLanguage\":\"hu\",\"@id\":\"https:\/\/albaauto.hu\/#\/schema\/logo\/image\/\",\"url\":\"https:\/\/albaauto.hu\/wp-content\/uploads\/2022\/01\/infrared-lamps-drying-car-body-parts-after-applying-save-gloss-coating.jpg\",\"contentUrl\":\"https:\/\/albaauto.hu\/wp-content\/uploads\/2022\/01\/infrared-lamps-drying-car-body-parts-after-applying-save-gloss-coating.jpg\",\"width\":1500,\"height\":1271,\"caption\":\"Alba Aut\u00f3jav\u00edt\u00f3 Kft.\"},\"image\":{\"@id\":\"https:\/\/albaauto.hu\/#\/schema\/logo\/image\/\"}}]}<\/script>\n<!-- \/ Yoast SEO plugin. -->","yoast_head_json":{"title":"Karrier - Alba Aut\u00f3jav\u00edt\u00f3","robots":{"index":"index","follow":"follow","max-snippet":"max-snippet:-1","max-image-preview":"max-image-preview:large","max-video-preview":"max-video-preview:-1"},"canonical":"https:\/\/albaauto.hu\/?page_id=2356","og_locale":"hu_HU","og_type":"article","og_title":"Karrier - Alba Aut\u00f3jav\u00edt\u00f3","og_description":"Munkat\u00e1rsat keres\u00fcnk Karossz\u00e9ria lakatos poz\u00edci\u00f3ba. C\u00e9g\u00fcnk karossz\u00e9ria jav\u00edt\u00e1ssal \u00e9s f\u00e9nyez\u00e9ssel foglalkozik, j\u00f3l bej\u00e1ratott Sz\u00e9kesfeh\u00e9rv\u00e1ri telephely\u00e9n\u00a0 . Mind Flott\u00e1s , mind lizinges illetve saj\u00e1t tulajdon\u00fa g\u00e9pj\u00e1rm\u0171vek jav\u00edt\u00e1s\u00e1t v\u00e1llaljuk teljesk\u00f6r\u0171 biztos\u00edt\u00e1si \u00fcgyint\u00e9z\u00e9ssel . F\u0151bb feladatok, munk\u00e1k: S\u00e9r\u00fclt szem\u00e9lyaut\u00f3 karossz\u00e9ria jav\u00edt\u00e1sa, karossz\u00e9ria elemek be\u00e9p\u00edt\u00e9se, fel\u00fcleti megmunk\u00e1l\u00e1sa \u00c1ltal\u00e1nos karossz\u00e9ria munk\u00e1k, egyenget\u00e9sek, r\u00e9szelem cser\u00e9k, elem cser\u00e9k elv\u00e9gz\u00e9se A jav\u00edt\u00e1shoz sz\u00fcks\u00e9ges [&hellip;]","og_url":"https:\/\/albaauto.hu\/?page_id=2356","og_site_name":"Alba Aut\u00f3jav\u00edt\u00f3","article_modified_time":"2022-11-09T12:51:20+00:00","og_image":[{"width":1596,"height":1346,"url":"https:\/\/albaauto.hu\/wp-content\/uploads\/2022\/11\/IMG-0043.jpg","type":"image\/jpeg"}],"twitter_card":"summary_large_image","twitter_misc":{"Becs\u00fclt olvas\u00e1si id\u0151":"1 perc"},"schema":{"@context":"https:\/\/schema.org","@graph":[{"@type":"WebPage","@id":"https:\/\/albaauto.hu\/?page_id=2356","url":"https:\/\/albaauto.hu\/?page_id=2356","name":"Karrier - Alba Aut\u00f3jav\u00edt\u00f3","isPartOf":{"@id":"https:\/\/albaauto.hu\/#website"},"datePublished":"2022-03-03T15:20:35+00:00","dateModified":"2022-11-09T12:51:20+00:00","breadcrumb":{"@id":"https:\/\/albaauto.hu\/?page_id=2356#breadcrumb"},"inLanguage":"hu","potentialAction":[{"@type":"ReadAction","target":["https:\/\/albaauto.hu\/?page_id=2356"]}]},{"@type":"BreadcrumbList","@id":"https:\/\/albaauto.hu\/?page_id=2356#breadcrumb","itemListElement":[{"@type":"ListItem","position":1,"name":"Kezd\u0151lap","item":"https:\/\/albaauto.hu\/"},{"@type":"ListItem","position":2,"name":"Karrier"}]},{"@type":"WebSite","@id":"https:\/\/albaauto.hu\/#website","url":"https:\/\/albaauto.hu\/","name":"Alba Aut\u00f3jav\u00edt\u00f3","description":"Sz\u00e9kesfeh\u00e9rv\u00e1r","publisher":{"@id":"https:\/\/albaauto.hu\/#organization"},"potentialAction":[{"@type":"SearchAction","target":{"@type":"EntryPoint","urlTemplate":"https:\/\/albaauto.hu\/?s={search_term_string}"},"query-input":"required name=search_term_string"}],"inLanguage":"hu"},{"@type":"Organization","@id":"https:\/\/albaauto.hu\/#organization","name":"Alba Aut\u00f3jav\u00edt\u00f3 Kft.","url":"https:\/\/albaauto.hu\/","logo":{"@type":"ImageObject","inLanguage":"hu","@id":"https:\/\/albaauto.hu\/#\/schema\/logo\/image\/","url":"https:\/\/albaauto.hu\/wp-content\/uploads\/2022\/01\/infrared-lamps-drying-car-body-parts-after-applying-save-gloss-coating.jpg","contentUrl":"https:\/\/albaauto.hu\/wp-content\/uploads\/2022\/01\/infrared-lamps-drying-car-body-parts-after-applying-save-gloss-coating.jpg","width":1500,"height":1271,"caption":"Alba Aut\u00f3jav\u00edt\u00f3 Kft."},"image":{"@id":"https:\/\/albaauto.hu\/#\/schema\/logo\/image\/"}}]}},"_links":{"self":[{"href":"https:\/\/albaauto.hu\/index.php?rest_route=\/wp\/v2\/pages\/2356"}],"collection":[{"href":"https:\/\/albaauto.hu\/index.php?rest_route=\/wp\/v2\/pages"}],"about":[{"href":"https:\/\/albaauto.hu\/index.php?rest_route=\/wp\/v2\/types\/page"}],"author":[{"embeddable":true,"href":"https:\/\/albaauto.hu\/index.php?rest_route=\/wp\/v2\/users\/1"}],"replies":[{"embeddable":true,"href":"https:\/\/albaauto.hu\/index.php?rest_route=%2Fwp%2Fv2%2Fcomments&post=2356"}],"version-history":[{"count":8,"href":"https:\/\/albaauto.hu\/index.php?rest_route=\/wp\/v2\/pages\/2356\/revisions"}],"predecessor-version":[{"id":2727,"href":"https:\/\/albaauto.hu\/index.php?rest_route=\/wp\/v2\/pages\/2356\/revisions\/2727"}],"wp:featuredmedia":[{"embeddable":true,"href":"https:\/\/albaauto.hu\/index.php?rest_route=\/wp\/v2\/media\/2681"}],"wp:attachment":[{"href":"https:\/\/albaauto.hu\/index.php?rest_route=%2Fwp%2Fv2%2Fmedia&parent=2356"}],"curies":[{"name":"wp","href":"https:\/\/api.w.org\/{rel}","templated":true}]}}